{"id":38351,"date":"2023-10-17T11:32:51","date_gmt":"2023-10-17T09:32:51","guid":{"rendered":"https:\/\/edelweiss-panorama.ch\/?page_id=38351"},"modified":"2024-02-29T16:01:42","modified_gmt":"2024-02-29T15:01:42","slug":"camps-en-suisse-faq","status":"publish","type":"page","link":"https:\/\/edelweiss-panorama.ch\/fr\/camps-in-switzerland-faq\/","title":{"rendered":"FAQ pour les camps"},"content":{"rendered":"<div data-elementor-type=\"wp-page\" data-elementor-id=\"38351\" class=\"elementor elementor-38351\" data-elementor-post-type=\"page\">\n\t\t\t\t\t\t<section class=\"elementor-section elementor-top-section elementor-element elementor-element-3b568fad elementor-section-full_width elementor-section-height-min-height elementor-section-items-stretch elementor-section-height-default\" data-id=\"3b568fad\" data-element_type=\"section\" data-e-type=\"section\">\n\t\t\t\t\t\t<div class=\"elementor-container elementor-column-gap-default\">\n\t\t\t\t\t<div class=\"elementor-column elementor-col-50 elementor-top-column elementor-element elementor-element-122a19f0\" data-id=\"122a19f0\" data-element_type=\"column\" data-e-type=\"column\">\n\t\t\t<div class=\"elementor-widget-wrap elementor-element-populated\">\n\t\t\t\t\t\t<div class=\"elementor-element elementor-element-19ddfb31 elementor-widget__width-initial elementor-widget elementor-widget-heading\" data-id=\"19ddfb31\" data-element_type=\"widget\" data-e-type=\"widget\" data-widget_type=\"heading.default\">\n\t\t\t\t<div class=\"elementor-widget-container\">\n\t\t\t\t\t<h1 class=\"elementor-heading-title elementor-size-default\">Camps en Suisse<\/h1>\t\t\t\t<\/div>\n\t\t\t\t<\/div>\n\t\t\t\t<div class=\"elementor-element elementor-element-47c20d41 elementor-widget elementor-widget-text-editor\" data-id=\"47c20d41\" data-element_type=\"widget\" data-e-type=\"widget\" data-widget_type=\"text-editor.default\">\n\t\t\t\t<div class=\"elementor-widget-container\">\n\t\t\t\t\t\t\t\t\t<p>Questions fr\u00e9quemment pos\u00e9es<\/p>\t\t\t\t\t\t\t\t<\/div>\n\t\t\t\t<\/div>\n\t\t\t\t\t<\/div>\n\t\t<\/div>\n\t\t\t\t<div class=\"elementor-column elementor-col-50 elementor-top-column elementor-element elementor-element-4d657444 elementor-invisible\" data-id=\"4d657444\" data-element_type=\"column\" data-e-type=\"column\" data-settings=\"{&quot;background_background&quot;:&quot;classic&quot;,&quot;animation&quot;:&quot;fadeInRight&quot;}\">\n\t\t\t<div class=\"elementor-widget-wrap elementor-element-populated\">\n\t\t\t\t\t\t<div class=\"elementor-element elementor-element-bf491ba elementor-widget elementor-widget-spacer\" data-id=\"bf491ba\" data-element_type=\"widget\" data-e-type=\"widget\" data-widget_type=\"spacer.default\">\n\t\t\t\t<div class=\"elementor-widget-container\">\n\t\t\t\t\t\t\t<div class=\"elementor-spacer\">\n\t\t\t<div class=\"elementor-spacer-inner\"><\/div>\n\t\t<\/div>\n\t\t\t\t\t\t<\/div>\n\t\t\t\t<\/div>\n\t\t\t\t\t<\/div>\n\t\t<\/div>\n\t\t\t\t\t<\/div>\n\t\t<\/section>\n\t\t\t\t<section class=\"elementor-section elementor-top-section elementor-element elementor-element-91933b0 elementor-section-full_width elementor-section-height-default elementor-section-height-default\" data-id=\"91933b0\" data-element_type=\"section\" data-e-type=\"section\" data-settings=\"{&quot;background_background&quot;:&quot;classic&quot;}\">\n\t\t\t\t\t\t<div class=\"elementor-container elementor-column-gap-no\">\n\t\t\t\t\t<div class=\"elementor-column elementor-col-100 elementor-top-column elementor-element elementor-element-77ffa7e8\" data-id=\"77ffa7e8\" data-element_type=\"column\" data-e-type=\"column\">\n\t\t\t<div class=\"elementor-widget-wrap elementor-element-populated\">\n\t\t\t\t\t\t<div class=\"elementor-element elementor-element-7b70f989 elementor-widget elementor-widget-heading\" data-id=\"7b70f989\" data-element_type=\"widget\" data-e-type=\"widget\" data-widget_type=\"heading.default\">\n\t\t\t\t<div class=\"elementor-widget-container\">\n\t\t\t\t\t<h2 class=\"elementor-heading-title elementor-size-default\">Vous avez demand\u00e9, nous r\u00e9pondons<\/h2>\t\t\t\t<\/div>\n\t\t\t\t<\/div>\n\t\t\t\t<section class=\"elementor-section elementor-inner-section elementor-element elementor-element-22e73315 elementor-section-full_width elementor-section-height-default elementor-section-height-default\" data-id=\"22e73315\" data-element_type=\"section\" data-e-type=\"section\">\n\t\t\t\t\t\t<div class=\"elementor-container elementor-column-gap-no\">\n\t\t\t\t\t<div class=\"elementor-column elementor-col-50 elementor-inner-column elementor-element elementor-element-4aa527b5\" data-id=\"4aa527b5\" data-element_type=\"column\" data-e-type=\"column\">\n\t\t\t<div class=\"elementor-widget-wrap elementor-element-populated\">\n\t\t\t\t\t\t<div class=\"elementor-element elementor-element-4c05c2c3 elementor-widget elementor-widget-toggle\" data-id=\"4c05c2c3\" data-element_type=\"widget\" data-e-type=\"widget\" data-widget_type=\"toggle.default\">\n\t\t\t\t<div class=\"elementor-widget-container\">\n\t\t\t\t\t\t\t<div class=\"elementor-toggle\">\n\t\t\t\t\t\t\t<div class=\"elementor-toggle-item\">\n\t\t\t\t\t<h3 id=\"elementor-tab-title-1271\" class=\"elementor-tab-title\" data-tab=\"1\" role=\"button\" aria-controls=\"elementor-tab-content-1271\" aria-expanded=\"false\">\n\t\t\t\t\t\t\t\t\t\t\t\t<span class=\"elementor-toggle-icon elementor-toggle-icon-right\" aria-hidden=\"true\">\n\t\t\t\t\t\t\t\t\t\t\t\t\t\t\t<span class=\"elementor-toggle-icon-closed\"><svg xmlns=\"http:\/\/www.w3.org\/2000\/svg\" id=\"a5c32011-02bf-4771-98d0-a3f1b9be08ae\" data-name=\"Layer 1\" width=\"16\" height=\"16.0001\" viewbox=\"0 0 16 16.0001\"><polygon points=\"0 0 0 2 12.586 2 0.293 14.293 1.707 15.707 14 3.414 14 16 16 16 16 0 0 0\" style=\"fill-rule:evenodd\"><\/polygon><\/svg><\/span>\n\t\t\t\t\t\t\t\t<span class=\"elementor-toggle-icon-opened\"><svg xmlns=\"http:\/\/www.w3.org\/2000\/svg\" id=\"ab14b480-81d7-43d0-8645-ab04794a437c\" data-name=\"a5c32011-02bf-4771-98d0-a3f1b9be08ae\" width=\"16\" height=\"16\" viewbox=\"0 0 16 16\"><polygon points=\"14 0 14 12.586 1.707 0.293 0.293 1.707 12.586 14 0 14 0 16 16 16 16 0 14 0\" style=\"fill-rule:evenodd\"><\/polygon><\/svg><\/span>\n\t\t\t\t\t\t\t\t\t\t\t\t\t<\/span>\n\t\t\t\t\t\t\t\t\t\t\t\t<a class=\"elementor-toggle-title\" tabindex=\"0\">Quels sont les avantages d'envoyer mon enfant dans un camp de vacances en Suisse ?<\/a>\n\t\t\t\t\t<\/h3>\n\n\t\t\t\t\t<div id=\"elementor-tab-content-1271\" class=\"elementor-tab-content elementor-clearfix\" data-tab=\"1\" role=\"region\" aria-labelledby=\"elementor-tab-title-1271\"><p>Camps d'\u00e9t\u00e9 en <strong>Suisse<\/strong> offre :<\/p><p>- Un m\u00e9lange unique d'aventures en plein air<\/p><p>- Enrichissement culturel<\/p><p>- L'immersion linguistique.\u00a0<\/p><p>Ils offrent la possibilit\u00e9 de s'\u00e9panouir, d'\u00eatre ind\u00e9pendant et de se faire des amis dans le monde entier.<\/p><\/div>\n\t\t\t\t<\/div>\n\t\t\t\t\t\t\t<div class=\"elementor-toggle-item\">\n\t\t\t\t\t<h3 id=\"elementor-tab-title-1272\" class=\"elementor-tab-title\" data-tab=\"2\" role=\"button\" aria-controls=\"elementor-tab-content-1272\" aria-expanded=\"false\">\n\t\t\t\t\t\t\t\t\t\t\t\t<span class=\"elementor-toggle-icon elementor-toggle-icon-right\" aria-hidden=\"true\">\n\t\t\t\t\t\t\t\t\t\t\t\t\t\t\t<span class=\"elementor-toggle-icon-closed\"><svg xmlns=\"http:\/\/www.w3.org\/2000\/svg\" id=\"a5c32011-02bf-4771-98d0-a3f1b9be08ae\" data-name=\"Layer 1\" width=\"16\" height=\"16.0001\" viewbox=\"0 0 16 16.0001\"><polygon points=\"0 0 0 2 12.586 2 0.293 14.293 1.707 15.707 14 3.414 14 16 16 16 16 0 0 0\" style=\"fill-rule:evenodd\"><\/polygon><\/svg><\/span>\n\t\t\t\t\t\t\t\t<span class=\"elementor-toggle-icon-opened\"><svg xmlns=\"http:\/\/www.w3.org\/2000\/svg\" id=\"ab14b480-81d7-43d0-8645-ab04794a437c\" data-name=\"a5c32011-02bf-4771-98d0-a3f1b9be08ae\" width=\"16\" height=\"16\" viewbox=\"0 0 16 16\"><polygon points=\"14 0 14 12.586 1.707 0.293 0.293 1.707 12.586 14 0 14 0 16 16 16 16 0 14 0\" style=\"fill-rule:evenodd\"><\/polygon><\/svg><\/span>\n\t\t\t\t\t\t\t\t\t\t\t\t\t<\/span>\n\t\t\t\t\t\t\t\t\t\t\t\t<a class=\"elementor-toggle-title\" tabindex=\"0\">Quels sont les types de camps d'\u00e9t\u00e9 disponibles en Suisse ?<\/a>\n\t\t\t\t\t<\/h3>\n\n\t\t\t\t\t<div id=\"elementor-tab-content-1272\" class=\"elementor-tab-content elementor-clearfix\" data-tab=\"2\" role=\"region\" aria-labelledby=\"elementor-tab-title-1272\"><p>La Suisse offre une gamme vari\u00e9e de <strong>camps d'\u00e9t\u00e9<\/strong> pour r\u00e9pondre \u00e0 diff\u00e9rents int\u00e9r\u00eats et passions. Il s'agit notamment de camps d'aventure en plein air, de camps d'immersion linguistique, de camps de sport et de remise en forme, de camps d'arts cr\u00e9atifs et de musique, de camps STEM (science, technologie, ing\u00e9nierie et math\u00e9matiques) et de camps d'enrichissement scolaire.<\/p><\/div>\n\t\t\t\t<\/div>\n\t\t\t\t\t\t\t<div class=\"elementor-toggle-item\">\n\t\t\t\t\t<h3 id=\"elementor-tab-title-1273\" class=\"elementor-tab-title\" data-tab=\"3\" role=\"button\" aria-controls=\"elementor-tab-content-1273\" aria-expanded=\"false\">\n\t\t\t\t\t\t\t\t\t\t\t\t<span class=\"elementor-toggle-icon elementor-toggle-icon-right\" aria-hidden=\"true\">\n\t\t\t\t\t\t\t\t\t\t\t\t\t\t\t<span class=\"elementor-toggle-icon-closed\"><svg xmlns=\"http:\/\/www.w3.org\/2000\/svg\" id=\"a5c32011-02bf-4771-98d0-a3f1b9be08ae\" data-name=\"Layer 1\" width=\"16\" height=\"16.0001\" viewbox=\"0 0 16 16.0001\"><polygon points=\"0 0 0 2 12.586 2 0.293 14.293 1.707 15.707 14 3.414 14 16 16 16 16 0 0 0\" style=\"fill-rule:evenodd\"><\/polygon><\/svg><\/span>\n\t\t\t\t\t\t\t\t<span class=\"elementor-toggle-icon-opened\"><svg xmlns=\"http:\/\/www.w3.org\/2000\/svg\" id=\"ab14b480-81d7-43d0-8645-ab04794a437c\" data-name=\"a5c32011-02bf-4771-98d0-a3f1b9be08ae\" width=\"16\" height=\"16\" viewbox=\"0 0 16 16\"><polygon points=\"14 0 14 12.586 1.707 0.293 0.293 1.707 12.586 14 0 14 0 16 16 16 16 0 14 0\" style=\"fill-rule:evenodd\"><\/polygon><\/svg><\/span>\n\t\t\t\t\t\t\t\t\t\t\t\t\t<\/span>\n\t\t\t\t\t\t\t\t\t\t\t\t<a class=\"elementor-toggle-title\" tabindex=\"0\">Les camps de vacances suisses sont-ils adapt\u00e9s aux participants internationaux ?<\/a>\n\t\t\t\t\t<\/h3>\n\n\t\t\t\t\t<div id=\"elementor-tab-content-1273\" class=\"elementor-tab-content elementor-clearfix\" data-tab=\"3\" role=\"region\" aria-labelledby=\"elementor-tab-title-1273\"><p>Absolument, les camps de vacances suisses sont con\u00e7us pour accueillir <strong>participants internationaux<\/strong>. Ils accueillent souvent des campeurs de diff\u00e9rents pays, cr\u00e9ant ainsi une atmosph\u00e8re globale qui encourage la compr\u00e9hension interculturelle et l'\u00e9change de langues.<\/p><\/div>\n\t\t\t\t<\/div>\n\t\t\t\t\t\t\t<div class=\"elementor-toggle-item\">\n\t\t\t\t\t<h3 id=\"elementor-tab-title-1274\" class=\"elementor-tab-title\" data-tab=\"4\" role=\"button\" aria-controls=\"elementor-tab-content-1274\" aria-expanded=\"false\">\n\t\t\t\t\t\t\t\t\t\t\t\t<span class=\"elementor-toggle-icon elementor-toggle-icon-right\" aria-hidden=\"true\">\n\t\t\t\t\t\t\t\t\t\t\t\t\t\t\t<span class=\"elementor-toggle-icon-closed\"><svg xmlns=\"http:\/\/www.w3.org\/2000\/svg\" id=\"a5c32011-02bf-4771-98d0-a3f1b9be08ae\" data-name=\"Layer 1\" width=\"16\" height=\"16.0001\" viewbox=\"0 0 16 16.0001\"><polygon points=\"0 0 0 2 12.586 2 0.293 14.293 1.707 15.707 14 3.414 14 16 16 16 16 0 0 0\" style=\"fill-rule:evenodd\"><\/polygon><\/svg><\/span>\n\t\t\t\t\t\t\t\t<span class=\"elementor-toggle-icon-opened\"><svg xmlns=\"http:\/\/www.w3.org\/2000\/svg\" id=\"ab14b480-81d7-43d0-8645-ab04794a437c\" data-name=\"a5c32011-02bf-4771-98d0-a3f1b9be08ae\" width=\"16\" height=\"16\" viewbox=\"0 0 16 16\"><polygon points=\"14 0 14 12.586 1.707 0.293 0.293 1.707 12.586 14 0 14 0 16 16 16 16 0 14 0\" style=\"fill-rule:evenodd\"><\/polygon><\/svg><\/span>\n\t\t\t\t\t\t\t\t\t\t\t\t\t<\/span>\n\t\t\t\t\t\t\t\t\t\t\t\t<a class=\"elementor-toggle-title\" tabindex=\"0\"> Quelle est la tranche d'\u00e2ge id\u00e9ale pour les camps de vacances suisses ?<\/a>\n\t\t\t\t\t<\/h3>\n\n\t\t\t\t\t<div id=\"elementor-tab-content-1274\" class=\"elementor-tab-content elementor-clearfix\" data-tab=\"4\" role=\"region\" aria-labelledby=\"elementor-tab-title-1274\"><p>La tranche d'\u00e2ge des camps de vacances suisses peut varier consid\u00e9rablement, les enfants pouvant \u00eatre accueillis d\u00e8s l'\u00e2ge de 18 ans. <strong>6 \u00e0 18 ans<\/strong>. Certains camps peuvent m\u00eame proposer des programmes sp\u00e9cifiques adapt\u00e9s \u00e0 certains groupes d'\u00e2ge, garantissant des activit\u00e9s et des exp\u00e9riences d'apprentissage adapt\u00e9es \u00e0 l'\u00e2ge des participants.<\/p><\/div>\n\t\t\t\t<\/div>\n\t\t\t\t\t\t\t\t<\/div>\n\t\t\t\t\t\t<\/div>\n\t\t\t\t<\/div>\n\t\t\t\t\t<\/div>\n\t\t<\/div>\n\t\t\t\t<div class=\"elementor-column elementor-col-50 elementor-inner-column elementor-element elementor-element-37335367\" data-id=\"37335367\" data-element_type=\"column\" data-e-type=\"column\">\n\t\t\t<div class=\"elementor-widget-wrap elementor-element-populated\">\n\t\t\t\t\t\t<div class=\"elementor-element elementor-element-1e557688 elementor-widget elementor-widget-toggle\" data-id=\"1e557688\" data-element_type=\"widget\" data-e-type=\"widget\" data-widget_type=\"toggle.default\">\n\t\t\t\t<div class=\"elementor-widget-container\">\n\t\t\t\t\t\t\t<div class=\"elementor-toggle\">\n\t\t\t\t\t\t\t<div class=\"elementor-toggle-item\">\n\t\t\t\t\t<h3 id=\"elementor-tab-title-5081\" class=\"elementor-tab-title\" data-tab=\"1\" role=\"button\" aria-controls=\"elementor-tab-content-5081\" aria-expanded=\"false\">\n\t\t\t\t\t\t\t\t\t\t\t\t<span class=\"elementor-toggle-icon elementor-toggle-icon-right\" aria-hidden=\"true\">\n\t\t\t\t\t\t\t\t\t\t\t\t\t\t\t<span class=\"elementor-toggle-icon-closed\"><svg xmlns=\"http:\/\/www.w3.org\/2000\/svg\" id=\"a5c32011-02bf-4771-98d0-a3f1b9be08ae\" data-name=\"Layer 1\" width=\"16\" height=\"16.0001\" viewbox=\"0 0 16 16.0001\"><polygon points=\"0 0 0 2 12.586 2 0.293 14.293 1.707 15.707 14 3.414 14 16 16 16 16 0 0 0\" style=\"fill-rule:evenodd\"><\/polygon><\/svg><\/span>\n\t\t\t\t\t\t\t\t<span class=\"elementor-toggle-icon-opened\"><svg xmlns=\"http:\/\/www.w3.org\/2000\/svg\" id=\"ab14b480-81d7-43d0-8645-ab04794a437c\" data-name=\"a5c32011-02bf-4771-98d0-a3f1b9be08ae\" width=\"16\" height=\"16\" viewbox=\"0 0 16 16\"><polygon points=\"14 0 14 12.586 1.707 0.293 0.293 1.707 12.586 14 0 14 0 16 16 16 16 0 14 0\" style=\"fill-rule:evenodd\"><\/polygon><\/svg><\/span>\n\t\t\t\t\t\t\t\t\t\t\t\t\t<\/span>\n\t\t\t\t\t\t\t\t\t\t\t\t<a class=\"elementor-toggle-title\" tabindex=\"0\">Combien de temps durent les camps d'\u00e9t\u00e9 ?<\/a>\n\t\t\t\t\t<\/h3>\n\n\t\t\t\t\t<div id=\"elementor-tab-content-5081\" class=\"elementor-tab-content elementor-clearfix\" data-tab=\"1\" role=\"region\" aria-labelledby=\"elementor-tab-title-5081\"><p>La dur\u00e9e des camps de vacances suisses peut varier en fonction du camp. Certains camps durent <strong>1 \u00e0 2 semaines<\/strong>D'autres proposent des programmes plus longs, d'une dur\u00e9e d'un mois ou plus. La dur\u00e9e d\u00e9pend souvent de l'objectif du camp et de la tranche d'\u00e2ge des campeurs.<\/p><\/div>\n\t\t\t\t<\/div>\n\t\t\t\t\t\t\t<div class=\"elementor-toggle-item\">\n\t\t\t\t\t<h3 id=\"elementor-tab-title-5082\" class=\"elementor-tab-title\" data-tab=\"2\" role=\"button\" aria-controls=\"elementor-tab-content-5082\" aria-expanded=\"false\">\n\t\t\t\t\t\t\t\t\t\t\t\t<span class=\"elementor-toggle-icon elementor-toggle-icon-right\" aria-hidden=\"true\">\n\t\t\t\t\t\t\t\t\t\t\t\t\t\t\t<span class=\"elementor-toggle-icon-closed\"><svg xmlns=\"http:\/\/www.w3.org\/2000\/svg\" id=\"a5c32011-02bf-4771-98d0-a3f1b9be08ae\" data-name=\"Layer 1\" width=\"16\" height=\"16.0001\" viewbox=\"0 0 16 16.0001\"><polygon points=\"0 0 0 2 12.586 2 0.293 14.293 1.707 15.707 14 3.414 14 16 16 16 16 0 0 0\" style=\"fill-rule:evenodd\"><\/polygon><\/svg><\/span>\n\t\t\t\t\t\t\t\t<span class=\"elementor-toggle-icon-opened\"><svg xmlns=\"http:\/\/www.w3.org\/2000\/svg\" id=\"ab14b480-81d7-43d0-8645-ab04794a437c\" data-name=\"a5c32011-02bf-4771-98d0-a3f1b9be08ae\" width=\"16\" height=\"16\" viewbox=\"0 0 16 16\"><polygon points=\"14 0 14 12.586 1.707 0.293 0.293 1.707 12.586 14 0 14 0 16 16 16 16 0 14 0\" style=\"fill-rule:evenodd\"><\/polygon><\/svg><\/span>\n\t\t\t\t\t\t\t\t\t\t\t\t\t<\/span>\n\t\t\t\t\t\t\t\t\t\t\t\t<a class=\"elementor-toggle-title\" tabindex=\"0\">Pouvez-vous nous expliquer les conditions d'h\u00e9bergement dans les camps de vacances suisses ?<\/a>\n\t\t\t\t\t<\/h3>\n\n\t\t\t\t\t<div id=\"elementor-tab-content-5082\" class=\"elementor-tab-content elementor-clearfix\" data-tab=\"2\" role=\"region\" aria-labelledby=\"elementor-tab-title-5082\"><p>L'h\u00e9bergement dans les camps de vacances suisses varie selon le type de camp. Certains camps offrent un h\u00e9bergement traditionnel <strong>dortoir<\/strong>-D'autres proposent des logements plus confortables dans des maisons de campagne. <strong>cabanes<\/strong>, <strong>chalets<\/strong>ou encore Swiss Alpine <strong>g\u00eetes<\/strong>. Il est conseill\u00e9 de consulter le site web ou la brochure du camp pour plus de d\u00e9tails.<\/p><\/div>\n\t\t\t\t<\/div>\n\t\t\t\t\t\t\t<div class=\"elementor-toggle-item\">\n\t\t\t\t\t<h3 id=\"elementor-tab-title-5083\" class=\"elementor-tab-title\" data-tab=\"3\" role=\"button\" aria-controls=\"elementor-tab-content-5083\" aria-expanded=\"false\">\n\t\t\t\t\t\t\t\t\t\t\t\t<span class=\"elementor-toggle-icon elementor-toggle-icon-right\" aria-hidden=\"true\">\n\t\t\t\t\t\t\t\t\t\t\t\t\t\t\t<span class=\"elementor-toggle-icon-closed\"><svg xmlns=\"http:\/\/www.w3.org\/2000\/svg\" id=\"a5c32011-02bf-4771-98d0-a3f1b9be08ae\" data-name=\"Layer 1\" width=\"16\" height=\"16.0001\" viewbox=\"0 0 16 16.0001\"><polygon points=\"0 0 0 2 12.586 2 0.293 14.293 1.707 15.707 14 3.414 14 16 16 16 16 0 0 0\" style=\"fill-rule:evenodd\"><\/polygon><\/svg><\/span>\n\t\t\t\t\t\t\t\t<span class=\"elementor-toggle-icon-opened\"><svg xmlns=\"http:\/\/www.w3.org\/2000\/svg\" id=\"ab14b480-81d7-43d0-8645-ab04794a437c\" data-name=\"a5c32011-02bf-4771-98d0-a3f1b9be08ae\" width=\"16\" height=\"16\" viewbox=\"0 0 16 16\"><polygon points=\"14 0 14 12.586 1.707 0.293 0.293 1.707 12.586 14 0 14 0 16 16 16 16 0 14 0\" style=\"fill-rule:evenodd\"><\/polygon><\/svg><\/span>\n\t\t\t\t\t\t\t\t\t\t\t\t\t<\/span>\n\t\t\t\t\t\t\t\t\t\t\t\t<a class=\"elementor-toggle-title\" tabindex=\"0\">Combien co\u00fbtent les camps d'\u00e9t\u00e9 en Suisse ?<\/a>\n\t\t\t\t\t<\/h3>\n\n\t\t\t\t\t<div id=\"elementor-tab-content-5083\" class=\"elementor-tab-content elementor-clearfix\" data-tab=\"3\" role=\"region\" aria-labelledby=\"elementor-tab-title-5083\"><p>Le co\u00fbt des camps de vacances suisses peut varier consid\u00e9rablement en fonction de facteurs tels que :<\/p><p>- Le type de camp<\/p><p>- La dur\u00e9e<\/p><p>- L'emplacement<\/p><p>- Activit\u00e9s sp\u00e9cifiques.&nbsp;<\/p><p>Les prix varient g\u00e9n\u00e9ralement d'environ&nbsp;<strong>800 CHF \u00e0 4 000 CHF<\/strong>ou plus par semaine.<\/p><\/div>\n\t\t\t\t<\/div>\n\t\t\t\t\t\t\t<div class=\"elementor-toggle-item\">\n\t\t\t\t\t<h3 id=\"elementor-tab-title-5084\" class=\"elementor-tab-title\" data-tab=\"4\" role=\"button\" aria-controls=\"elementor-tab-content-5084\" aria-expanded=\"false\">\n\t\t\t\t\t\t\t\t\t\t\t\t<span class=\"elementor-toggle-icon elementor-toggle-icon-right\" aria-hidden=\"true\">\n\t\t\t\t\t\t\t\t\t\t\t\t\t\t\t<span class=\"elementor-toggle-icon-closed\"><svg xmlns=\"http:\/\/www.w3.org\/2000\/svg\" id=\"a5c32011-02bf-4771-98d0-a3f1b9be08ae\" data-name=\"Layer 1\" width=\"16\" height=\"16.0001\" viewbox=\"0 0 16 16.0001\"><polygon points=\"0 0 0 2 12.586 2 0.293 14.293 1.707 15.707 14 3.414 14 16 16 16 16 0 0 0\" style=\"fill-rule:evenodd\"><\/polygon><\/svg><\/span>\n\t\t\t\t\t\t\t\t<span class=\"elementor-toggle-icon-opened\"><svg xmlns=\"http:\/\/www.w3.org\/2000\/svg\" id=\"ab14b480-81d7-43d0-8645-ab04794a437c\" data-name=\"a5c32011-02bf-4771-98d0-a3f1b9be08ae\" width=\"16\" height=\"16\" viewbox=\"0 0 16 16\"><polygon points=\"14 0 14 12.586 1.707 0.293 0.293 1.707 12.586 14 0 14 0 16 16 16 16 0 14 0\" style=\"fill-rule:evenodd\"><\/polygon><\/svg><\/span>\n\t\t\t\t\t\t\t\t\t\t\t\t\t<\/span>\n\t\t\t\t\t\t\t\t\t\t\t\t<a class=\"elementor-toggle-title\" tabindex=\"0\">Quel est l'\u00e2ge id\u00e9al pour envoyer mon enfant en colonie de vacances ?<\/a>\n\t\t\t\t\t<\/h3>\n\n\t\t\t\t\t<div id=\"elementor-tab-content-5084\" class=\"elementor-tab-content elementor-clearfix\" data-tab=\"4\" role=\"region\" aria-labelledby=\"elementor-tab-title-5084\"><p>L'\u00e2ge id\u00e9al pour qu'un enfant participe \u00e0 une colonie de vacances peut varier en fonction de l'\u00e9tat de pr\u00e9paration de l'enfant et du type de colonie. De nombreux enfants commencent \u00e0 participer \u00e0 des camps de jour d\u00e8s l'\u00e2ge de <strong>5 ou 6 ans<\/strong>Les camps de nuit sont plus adapt\u00e9s aux enfants plus \u00e2g\u00e9s et commencent g\u00e9n\u00e9ralement aux alentours de <strong>7 \u00e0 8<\/strong> ans.<\/p><\/div>\n\t\t\t\t<\/div>\n\t\t\t\t\t\t\t\t<\/div>\n\t\t\t\t\t\t<\/div>\n\t\t\t\t<\/div>\n\t\t\t\t\t<\/div>\n\t\t<\/div>\n\t\t\t\t\t<\/div>\n\t\t<\/section>\n\t\t\t\t\t<\/div>\n\t\t<\/div>\n\t\t\t\t\t<\/div>\n\t\t<\/section>\n\t\t\t\t<section class=\"elementor-section elementor-top-section elementor-element elementor-element-200fa6 elementor-section-boxed elementor-section-height-default elementor-section-height-default\" data-id=\"200fa6\" data-element_type=\"section\" data-e-type=\"section\">\n\t\t\t\t\t\t<div class=\"elementor-container elementor-column-gap-default\">\n\t\t\t\t\t<div class=\"elementor-column elementor-col-100 elementor-top-column elementor-element elementor-element-64674640\" data-id=\"64674640\" data-element_type=\"column\" data-e-type=\"column\">\n\t\t\t<div class=\"elementor-widget-wrap elementor-element-populated\">\n\t\t\t\t\t\t<div class=\"elementor-element elementor-element-4efe2bd8 elementor-widget elementor-widget-spacer\" data-id=\"4efe2bd8\" data-element_type=\"widget\" data-e-type=\"widget\" data-widget_type=\"spacer.default\">\n\t\t\t\t<div class=\"elementor-widget-container\">\n\t\t\t\t\t\t\t<div class=\"elementor-spacer\">\n\t\t\t<div class=\"elementor-spacer-inner\"><\/div>\n\t\t<\/div>\n\t\t\t\t\t\t<\/div>\n\t\t\t\t<\/div>\n\t\t\t\t<div class=\"elementor-element elementor-element-4dbdf863 content-align-cta-center elementor-widget elementor-widget-eael-cta-box\" data-id=\"4dbdf863\" data-element_type=\"widget\" data-e-type=\"widget\" data-widget_type=\"eael-cta-box.default\">\n\t\t\t\t<div class=\"elementor-widget-container\">\n\t\t\t\t\t\t\t<div class=\"eael-call-to-action cta-basic bg-lite cta-preset-1\">\n        <h2 class=\"title eael-cta-heading\">Pr\u00eat \u00e0 passer \u00e0 l'\u00e9tape suivante ?<\/h2><p>Demandez une consultation avec nos experts d\u00e8s maintenant et obtenez des conseils personnalis\u00e9s pour vos besoins uniques.<\/p><a href=\"https:\/\/edelweiss-panorama.ch\/fr\/contact\/\" class=\"cta-button cta-preset-1\">Nous contacter<\/a>\t<\/div>\n\t\t\t\t\t\t\t\t<\/div>\n\t\t\t\t<\/div>\n\t\t\t\t<div class=\"elementor-element elementor-element-1b546905 elementor-widget__width-initial elementor-widget elementor-widget-spacer\" data-id=\"1b546905\" data-element_type=\"widget\" data-e-type=\"widget\" data-widget_type=\"spacer.default\">\n\t\t\t\t<div class=\"elementor-widget-container\">\n\t\t\t\t\t\t\t<div class=\"elementor-spacer\">\n\t\t\t<div class=\"elementor-spacer-inner\"><\/div>\n\t\t<\/div>\n\t\t\t\t\t\t<\/div>\n\t\t\t\t<\/div>\n\t\t\t\t\t<\/div>\n\t\t<\/div>\n\t\t\t\t\t<\/div>\n\t\t<\/section>\n\t\t\t\t<\/div>","protected":false},"excerpt":{"rendered":"<p>Camps en Suisse Questions fr\u00e9quemment pos\u00e9es Vous avez demand\u00e9 Nous avons r\u00e9pondu Quels sont les avantages d'envoyer mon enfant dans un camp de vacances en Suisse ? Les camps d'\u00e9t\u00e9 en Suisse offrent:- Un m\u00e9lange unique d'aventures en plein air- Un enrichissement culturel- Une immersion linguistique. Ils offrent la possibilit\u00e9 de s'\u00e9panouir, d'\u00eatre ind\u00e9pendant et de se faire des amis dans le monde entier. Quels sont les types ...<\/p>","protected":false},"author":16,"featured_media":38310,"parent":0,"menu_order":0,"comment_status":"closed","ping_status":"closed","template":"","meta":{"footnotes":""},"class_list":["post-38351","page","type-page","status-publish","has-post-thumbnail","hentry"],"yoast_head":"<!-- This site is optimized with the Yoast SEO plugin v27.5 - https:\/\/yoast.com\/product\/yoast-seo-wordpress\/ -->\n<title>FAQ for Camps in Switzerland<\/title>\n<meta name=\"description\" content=\"Get all your questions about Camps in Switzerland answered in our FAQ, ensuring a well-informed and memorable experience for your child.\" \/>\n<meta name=\"robots\" content=\"index, follow, max-snippet:-1, max-image-preview:large, max-video-preview:-1\" \/>\n<link rel=\"canonical\" href=\"https:\/\/edelweiss-panorama.ch\/fr\/camps-en-suisse-faq\/\" \/>\n<meta property=\"og:locale\" content=\"fr_FR\" \/>\n<meta property=\"og:type\" content=\"article\" \/>\n<meta property=\"og:title\" content=\"FAQ for Camps in Switzerland\" \/>\n<meta property=\"og:description\" content=\"Get all your questions about Camps in Switzerland answered in our FAQ, ensuring a well-informed and memorable experience for your child.\" \/>\n<meta property=\"og:url\" content=\"https:\/\/edelweiss-panorama.ch\/fr\/camps-en-suisse-faq\/\" \/>\n<meta property=\"og:site_name\" content=\"Edelweiss Panorama International\" \/>\n<meta property=\"article:publisher\" content=\"https:\/\/www.facebook.com\/edelweisspanorama\" \/>\n<meta property=\"article:modified_time\" content=\"2024-02-29T15:01:42+00:00\" \/>\n<meta property=\"og:image\" content=\"https:\/\/edelweiss-panorama.ch\/wp-content\/uploads\/2023\/10\/viluu0ih6ps-e1697193746896.jpg\" \/>\n\t<meta property=\"og:image:width\" content=\"800\" \/>\n\t<meta property=\"og:image:height\" content=\"1066\" \/>\n\t<meta property=\"og:image:type\" content=\"image\/jpeg\" \/>\n<meta name=\"twitter:card\" content=\"summary_large_image\" \/>\n<meta name=\"twitter:site\" content=\"@EPI_Swiss\" \/>\n<meta name=\"twitter:label1\" content=\"Dur\u00e9e de lecture estim\u00e9e\" \/>\n\t<meta name=\"twitter:data1\" content=\"2 minutes\" \/>\n<script type=\"application\/ld+json\" class=\"yoast-schema-graph\">{\"@context\":\"https:\\\/\\\/schema.org\",\"@graph\":[{\"@type\":\"WebPage\",\"@id\":\"https:\\\/\\\/edelweiss-panorama.ch\\\/camps-in-switzerland-faq\\\/\",\"url\":\"https:\\\/\\\/edelweiss-panorama.ch\\\/camps-in-switzerland-faq\\\/\",\"name\":\"FAQ for Camps in Switzerland\",\"isPartOf\":{\"@id\":\"https:\\\/\\\/edelweiss-panorama.ch\\\/fr\\\/#website\"},\"primaryImageOfPage\":{\"@id\":\"https:\\\/\\\/edelweiss-panorama.ch\\\/camps-in-switzerland-faq\\\/#primaryimage\"},\"image\":{\"@id\":\"https:\\\/\\\/edelweiss-panorama.ch\\\/camps-in-switzerland-faq\\\/#primaryimage\"},\"thumbnailUrl\":\"https:\\\/\\\/edelweiss-panorama.ch\\\/wp-content\\\/uploads\\\/2023\\\/10\\\/viluu0ih6ps-e1697193746896.jpg\",\"datePublished\":\"2023-10-17T09:32:51+00:00\",\"dateModified\":\"2024-02-29T15:01:42+00:00\",\"description\":\"Get all your questions about Camps in Switzerland answered in our FAQ, ensuring a well-informed and memorable experience for your child.\",\"breadcrumb\":{\"@id\":\"https:\\\/\\\/edelweiss-panorama.ch\\\/camps-in-switzerland-faq\\\/#breadcrumb\"},\"inLanguage\":\"fr-FR\",\"potentialAction\":[{\"@type\":\"ReadAction\",\"target\":[\"https:\\\/\\\/edelweiss-panorama.ch\\\/camps-in-switzerland-faq\\\/\"]}]},{\"@type\":\"ImageObject\",\"inLanguage\":\"fr-FR\",\"@id\":\"https:\\\/\\\/edelweiss-panorama.ch\\\/camps-in-switzerland-faq\\\/#primaryimage\",\"url\":\"https:\\\/\\\/edelweiss-panorama.ch\\\/wp-content\\\/uploads\\\/2023\\\/10\\\/viluu0ih6ps-e1697193746896.jpg\",\"contentUrl\":\"https:\\\/\\\/edelweiss-panorama.ch\\\/wp-content\\\/uploads\\\/2023\\\/10\\\/viluu0ih6ps-e1697193746896.jpg\",\"width\":800,\"height\":1066,\"caption\":\"summer camps in Switzerland HIKING during daytime\"},{\"@type\":\"BreadcrumbList\",\"@id\":\"https:\\\/\\\/edelweiss-panorama.ch\\\/camps-in-switzerland-faq\\\/#breadcrumb\",\"itemListElement\":[{\"@type\":\"ListItem\",\"position\":1,\"name\":\"Home\",\"item\":\"https:\\\/\\\/edelweiss-panorama.ch\\\/\"},{\"@type\":\"ListItem\",\"position\":2,\"name\":\"FAQ for Camps\"}]},{\"@type\":\"WebSite\",\"@id\":\"https:\\\/\\\/edelweiss-panorama.ch\\\/fr\\\/#website\",\"url\":\"https:\\\/\\\/edelweiss-panorama.ch\\\/fr\\\/\",\"name\":\"Edelweiss Panorama International\",\"description\":\"Allows you to live and thrive every corner of the world.\",\"publisher\":{\"@id\":\"https:\\\/\\\/edelweiss-panorama.ch\\\/fr\\\/#organization\"},\"potentialAction\":[{\"@type\":\"SearchAction\",\"target\":{\"@type\":\"EntryPoint\",\"urlTemplate\":\"https:\\\/\\\/edelweiss-panorama.ch\\\/fr\\\/?s={search_term_string}\"},\"query-input\":{\"@type\":\"PropertyValueSpecification\",\"valueRequired\":true,\"valueName\":\"search_term_string\"}}],\"inLanguage\":\"fr-FR\"},{\"@type\":\"Organization\",\"@id\":\"https:\\\/\\\/edelweiss-panorama.ch\\\/fr\\\/#organization\",\"name\":\"Edelweiss Panorama International\",\"url\":\"https:\\\/\\\/edelweiss-panorama.ch\\\/fr\\\/\",\"logo\":{\"@type\":\"ImageObject\",\"inLanguage\":\"fr-FR\",\"@id\":\"https:\\\/\\\/edelweiss-panorama.ch\\\/fr\\\/#\\\/schema\\\/logo\\\/image\\\/\",\"url\":\"https:\\\/\\\/edelweiss-panorama.ch\\\/wp-content\\\/uploads\\\/2020\\\/04\\\/Untitled-design-1-1.png\",\"contentUrl\":\"https:\\\/\\\/edelweiss-panorama.ch\\\/wp-content\\\/uploads\\\/2020\\\/04\\\/Untitled-design-1-1.png\",\"width\":1080,\"height\":1080,\"caption\":\"Edelweiss Panorama International\"},\"image\":{\"@id\":\"https:\\\/\\\/edelweiss-panorama.ch\\\/fr\\\/#\\\/schema\\\/logo\\\/image\\\/\"},\"sameAs\":[\"https:\\\/\\\/www.facebook.com\\\/edelweisspanorama\",\"https:\\\/\\\/x.com\\\/EPI_Swiss\"]}]}<\/script>\n<!-- \/ Yoast SEO plugin. -->","yoast_head_json":{"title":"FAQ pour les camps en Suisse","description":"Notre FAQ r\u00e9pond \u00e0 toutes les questions que vous vous posez sur les camps de vacances en Suisse, afin que votre enfant vive une exp\u00e9rience m\u00e9morable en toute connaissance de cause.","robots":{"index":"index","follow":"follow","max-snippet":"max-snippet:-1","max-image-preview":"max-image-preview:large","max-video-preview":"max-video-preview:-1"},"canonical":"https:\/\/edelweiss-panorama.ch\/fr\/camps-en-suisse-faq\/","og_locale":"fr_FR","og_type":"article","og_title":"FAQ for Camps in Switzerland","og_description":"Get all your questions about Camps in Switzerland answered in our FAQ, ensuring a well-informed and memorable experience for your child.","og_url":"https:\/\/edelweiss-panorama.ch\/fr\/camps-en-suisse-faq\/","og_site_name":"Edelweiss Panorama International","article_publisher":"https:\/\/www.facebook.com\/edelweisspanorama","article_modified_time":"2024-02-29T15:01:42+00:00","og_image":[{"width":800,"height":1066,"url":"https:\/\/edelweiss-panorama.ch\/wp-content\/uploads\/2023\/10\/viluu0ih6ps-e1697193746896.jpg","type":"image\/jpeg"}],"twitter_card":"summary_large_image","twitter_site":"@EPI_Swiss","twitter_misc":{"Dur\u00e9e de lecture estim\u00e9e":"2 minutes"},"schema":{"@context":"https:\/\/schema.org","@graph":[{"@type":"WebPage","@id":"https:\/\/edelweiss-panorama.ch\/camps-in-switzerland-faq\/","url":"https:\/\/edelweiss-panorama.ch\/camps-in-switzerland-faq\/","name":"FAQ pour les camps en Suisse","isPartOf":{"@id":"https:\/\/edelweiss-panorama.ch\/fr\/#website"},"primaryImageOfPage":{"@id":"https:\/\/edelweiss-panorama.ch\/camps-in-switzerland-faq\/#primaryimage"},"image":{"@id":"https:\/\/edelweiss-panorama.ch\/camps-in-switzerland-faq\/#primaryimage"},"thumbnailUrl":"https:\/\/edelweiss-panorama.ch\/wp-content\/uploads\/2023\/10\/viluu0ih6ps-e1697193746896.jpg","datePublished":"2023-10-17T09:32:51+00:00","dateModified":"2024-02-29T15:01:42+00:00","description":"Notre FAQ r\u00e9pond \u00e0 toutes les questions que vous vous posez sur les camps de vacances en Suisse, afin que votre enfant vive une exp\u00e9rience m\u00e9morable en toute connaissance de cause.","breadcrumb":{"@id":"https:\/\/edelweiss-panorama.ch\/camps-in-switzerland-faq\/#breadcrumb"},"inLanguage":"fr-FR","potentialAction":[{"@type":"ReadAction","target":["https:\/\/edelweiss-panorama.ch\/camps-in-switzerland-faq\/"]}]},{"@type":"ImageObject","inLanguage":"fr-FR","@id":"https:\/\/edelweiss-panorama.ch\/camps-in-switzerland-faq\/#primaryimage","url":"https:\/\/edelweiss-panorama.ch\/wp-content\/uploads\/2023\/10\/viluu0ih6ps-e1697193746896.jpg","contentUrl":"https:\/\/edelweiss-panorama.ch\/wp-content\/uploads\/2023\/10\/viluu0ih6ps-e1697193746896.jpg","width":800,"height":1066,"caption":"summer camps in Switzerland HIKING during daytime"},{"@type":"BreadcrumbList","@id":"https:\/\/edelweiss-panorama.ch\/camps-in-switzerland-faq\/#breadcrumb","itemListElement":[{"@type":"ListItem","position":1,"name":"Home","item":"https:\/\/edelweiss-panorama.ch\/"},{"@type":"ListItem","position":2,"name":"FAQ for Camps"}]},{"@type":"WebSite","@id":"https:\/\/edelweiss-panorama.ch\/fr\/#website","url":"https:\/\/edelweiss-panorama.ch\/fr\/","name":"Edelweiss Panorama International","description":"Il vous permet de vivre et de prosp\u00e9rer aux quatre coins du monde.","publisher":{"@id":"https:\/\/edelweiss-panorama.ch\/fr\/#organization"},"potentialAction":[{"@type":"SearchAction","target":{"@type":"EntryPoint","urlTemplate":"https:\/\/edelweiss-panorama.ch\/fr\/?s={search_term_string}"},"query-input":{"@type":"PropertyValueSpecification","valueRequired":true,"valueName":"search_term_string"}}],"inLanguage":"fr-FR"},{"@type":"Organization","@id":"https:\/\/edelweiss-panorama.ch\/fr\/#organization","name":"Edelweiss Panorama International","url":"https:\/\/edelweiss-panorama.ch\/fr\/","logo":{"@type":"ImageObject","inLanguage":"fr-FR","@id":"https:\/\/edelweiss-panorama.ch\/fr\/#\/schema\/logo\/image\/","url":"https:\/\/edelweiss-panorama.ch\/wp-content\/uploads\/2020\/04\/Untitled-design-1-1.png","contentUrl":"https:\/\/edelweiss-panorama.ch\/wp-content\/uploads\/2020\/04\/Untitled-design-1-1.png","width":1080,"height":1080,"caption":"Edelweiss Panorama International"},"image":{"@id":"https:\/\/edelweiss-panorama.ch\/fr\/#\/schema\/logo\/image\/"},"sameAs":["https:\/\/www.facebook.com\/edelweisspanorama","https:\/\/x.com\/EPI_Swiss"]}]}},"_links":{"self":[{"href":"https:\/\/edelweiss-panorama.ch\/fr\/wp-json\/wp\/v2\/pages\/38351","targetHints":{"allow":["GET"]}}],"collection":[{"href":"https:\/\/edelweiss-panorama.ch\/fr\/wp-json\/wp\/v2\/pages"}],"about":[{"href":"https:\/\/edelweiss-panorama.ch\/fr\/wp-json\/wp\/v2\/types\/page"}],"author":[{"embeddable":true,"href":"https:\/\/edelweiss-panorama.ch\/fr\/wp-json\/wp\/v2\/users\/16"}],"replies":[{"embeddable":true,"href":"https:\/\/edelweiss-panorama.ch\/fr\/wp-json\/wp\/v2\/comments?post=38351"}],"version-history":[{"count":26,"href":"https:\/\/edelweiss-panorama.ch\/fr\/wp-json\/wp\/v2\/pages\/38351\/revisions"}],"predecessor-version":[{"id":40668,"href":"https:\/\/edelweiss-panorama.ch\/fr\/wp-json\/wp\/v2\/pages\/38351\/revisions\/40668"}],"wp:featuredmedia":[{"embeddable":true,"href":"https:\/\/edelweiss-panorama.ch\/fr\/wp-json\/wp\/v2\/media\/38310"}],"wp:attachment":[{"href":"https:\/\/edelweiss-panorama.ch\/fr\/wp-json\/wp\/v2\/media?parent=38351"}],"curies":[{"name":"wp","href":"https:\/\/api.w.org\/{rel}","templated":true}]}}